{"id":5684,"date":"2023-09-06T10:40:56","date_gmt":"2023-09-06T08:40:56","guid":{"rendered":"https:\/\/www.black-friday.ch\/samsung-galaxy-black-friday\/"},"modified":"2024-02-22T15:21:30","modified_gmt":"2024-02-22T14:21:30","slug":"samsung-galaxy-black-friday","status":"publish","type":"page","link":"https:\/\/www.black-friday.ch\/fr\/samsung-galaxy-black-friday\/","title":{"rendered":"Samsung Galaxy : les meilleures offres Black Friday"},"content":{"rendered":"\n<div class=\"wp-block-rehub-deal-coupon-grid rhpb-deal-coupon-grid rhpb-4f98d3d9-df1c-4265-821f-b32bf2028594\">\t \t\r\n\t<style scoped>\r\n              .offer_grid .sale_tag_inwoolist .sale_letter{font-size: 33px;line-height:33px}.offer_grid .sale_tag_inwoolist{width: 130px}\r\n              .offer_grid figure {position: relative; text-align: center; margin: 0 auto 15px auto; overflow: hidden;  vertical-align: middle; }\r\n              .offer_grid.coupon_grid figure img {height: 80px;}\r\n              .offer_grid figure img{width: auto;display: inline-block;transition: all ease-in-out .2s;}\r\n              .offer_grid.col_item{border: 1px solid rgba(159,159,159, 0.35); padding: 12px; transition: box-shadow 0.4s ease;}\r\n              .offer_act_enabled.col_item{padding-bottom: 53px}\r\n              .offer_grid .price_count{font-weight: bold; font-size:17px;padding: 0;}\r\n              .offer_grid .price_count del {display: block;font-size: 13px;color: #666;vertical-align: top;font-weight: normal; text-align: left;}\r\n              .offer_grid .rehub_offer_coupon span{ font-size: 14px; text-transform: none;}\r\n              .offer_grid h3 { height: 36px; font-size: 15px; line-height:18px; font-weight:normal !important }\r\n              .col_wrap_fifth .offer_grid h3{font-size: 14px;}\r\n              .col_wrap_six .offer_grid h3{font-size: 13px; line-height:16px; height: 32px;}\r\n              .offer_grid:hover{   box-shadow: 0 0 20px #ddd;}\r\n              .offer_grid .aff_tag img{max-width: 60px; }\r\n              .offer_grid .cat_link_meta a{color: #555; text-transform: uppercase; font-size: 11px}\r\n              .offer_grid .date_ago{font-size: 11px}\r\n              .offer_grid{ background-color: #fff}\r\n              .offer_grid span.cat_link_meta:before{display: none;}\r\n              .offer_grid .priced_block .btn_offer_block, .offer_grid .post_offer_anons{display: block;}\r\n              .vendor_for_grid .admin img{border-radius: 50%; max-width: 22px; max-height: 22px}\r\n              .date_for_grid i{margin: 0 3px }\r\n              .date_for_grid{color: #999;}\r\n              .re_actions_for_grid {height: 38px;position: absolute;left: 0;right: 0;bottom: 1px;z-index: 2;}\r\n              .re_actions_for_grid .btn_act_for_grid {width: 33.33%;height: 38px;float: left;line-height: 38px;color: #656d78;text-align: center;display: block;padding: 0;position: relative;font-size: 14px}\r\n              .re_actions_for_grid.two_col_btn_for_grid .btn_act_for_grid{width: 50%}\r\n              .btn_act_for_grid:hover{background-color: #f7f7f7}\r\n              .offer_grid_com .btn_act_for_grid .table_cell_thumbs, .offer_grid_com .btn_act_for_grid:hover .thumbscount{display: none;}\r\n              .btn_act_for_grid:hover .table_cell_thumbs{display: inline;}\r\n              .btn_act_for_grid .thumbplus, .btn_act_for_grid .thumbminus{margin-bottom: 3px}\r\n              .btn_act_for_grid .thumbscount:before {content: \"\\e86d\";line-height: 38px;display: inline-block;margin-right: 8px;}\r\n              .re_actions_for_grid .thumbscount{float: none; margin: 0; line-height: 38px; font-size: inherit;}\r\n              .comm_number_for_grid:before {content: \"\\e932\";margin-right: 5px;}\r\n              .re_actions_for_grid .thumbplus.heartplus{font-size: 15px}\r\n              .offer_grid_com .meta_for_grid{overflow: hidden; line-height: 18px}\r\n              .offer_grid_com .store_for_grid{text-align: left;line-height: 12px;}\r\n              .offer_grid .info_in_dealgrid {margin-bottom: 7px;}\r\n              .offer_grid .not_masked_coupon{margin: 10px auto 0 auto;font-size: 12px;background: #e7f9dd;padding: 6px;border-color: #42A40D;color: #37840D;display: block;}\r\n              .no_padding_wrap .offer_grid.col_item{border: 1px solid #eee; border-top: none; border-left: none}\r\n              .no_padding_wrap .eq_grid{border: 1px solid #eee; border-right: none; border-bottom: none; padding: 0}\r\n              .offer_grid.mobile_grid .price_count{font-size:20px}\r\n              .offer_grid.mobile_grid .price_count del{opacity:1; color:#dd7064; display:inline-block; margin: 0 3px}\r\n              .offer_grid.mobile_grid .rh_notice_wrap{font-size: 75% !important;font-weight: normal !important;opacity: 0.5;}\r\n              .offer_grid.mobile_grid.offer_grid .cat_link_meta a{text-transform:none}\r\n              .mobile_grid .two_col_btn_for_grid{margin-top:25px; position:absolute; bottom:0; left:0; right:0; padding:0 12px 12px 12px}\r\n              .mobile_grid.offer_grid .info_in_dealgrid{margin-bottom:0}\r\n              .mobile_grid.offer_grid h3 { height: 54px; display: -webkit-box;overflow: hidden;-webkit-box-orient: vertical;-webkit-line-clamp: 3; }\r\n\r\n              @media(max-width: 1024px){\r\n                .offer_grid_com .btn_act_for_grid .table_cell_thumbs, .offer_grid_com .btn_act_for_grid:hover .thumbscount{display: inline;}\r\n                .btn_act_for_grid .thumbscount:before{display: none;}\r\n                .btn_act_for_grid .table_cell_thumbs .thumbplus{margin-right: 8px}\r\n                .rtl .btn_act_for_grid .table_cell_thumbs .thumbplus{margin-left: 8px; margin-right: 0}\r\n              }\r\n              @media(max-width: 767px){\r\n                .coupon_grid .rh_notice_wrap{height: 20px}\r\n                .coupon_grid .grid_desc_and_btn{ text-align:center; border-top: 1px dashed #ccc; padding-top: 15px; text-align: center;}\r\n              }\r\n              @media (max-width: 567px){\r\n                .mobile_compact_grid.col_item {width: 100% !important;margin: 0 0 14px 0 !important;}\r\n                .mobile_compact_grid figure{float: left;width: 110px !important; margin: 0 15px 8px 0 !important;}\r\n                .offer_grid figure img, figure.eq_figure img{height:120px;}\r\n                .mobile_compact_grid .grid_onsale{padding:1px 5px; font-size:11px}\r\n                .mobile_compact_grid .grid_desc_and_btn{float: left; width: calc(100% - 130px) !important; border-top:none !important; padding-top:0 !important;text-align: inherit !important;}\r\n                .mobile_compact_grid .priced_block{margin: 0}\r\n                .mobile_compact_grid .priced_block .btn_offer_block{display: block; margin: 0 0 14px 0}\r\n                .mobile_compact_grid.offer_grid h3{height: auto; min-height: 1px; margin: 0 0 5px 0 !important}\r\n                .mobile_compact_grid .rehub_offer_coupon{left: 0; width: 100%; margin: 10px 0;}\r\n                .mobile_compact_grid .priced_block .btn_offer_block{padding: 10px 12px}\r\n                .mobile_compact_grid .meta_for_grid{clear: both;}\r\n                .mobile_compact_grid .priced_block .btn_offer_block:not(.coupon_btn):before{top: 10px}\r\n                .rtl .mobile_compact_grid figure{float: right; margin: 0 0 8px 15px !important;}\r\n                .rtl .mobile_compact_grid .grid_desc_and_btn{float: right;}\r\n\r\n                .mobile_grid.mobile_compact_grid.offer_grid h3{font-size:14px}\r\n                .offer_grid.mobile_grid .price_count{font-size:18px}\r\n                .offer_grid.mobile_grid.col_item{padding:7px !important}\r\n                .offer_grid.mobile_grid .re_actions_for_grid{display:none}\r\n                .offer_grid.mobile_grid .thumbplus, .offer_grid.mobile_grid .thumbminus{border:none}\r\n                .offer_grid.mobile_grid .thumbminus{margin-right:4px}\r\n                .mobile_grid .two_col_btn_for_grid{margin-top:5px; position:static; padding:0}\r\n                .mobile_grid.mobile_compact_grid figure img{height:100px}\r\n\r\n              }\r\n            <\/style>\t\t\t<div class=\"eq_grid pt5 rh-flex-eq-height col_wrap_fourth\" data-filterargs='{\"post_type\":\"post\",\"posts_per_page\":12,\"order\":\"desc\",\"cat\":\"859\",\"orderby\":\"rand\",\"tax_query\":[{\"relation\":\"AND\",\"0\":{\"taxonomy\":\"offerexpiration\",\"field\":\"name\",\"terms\":\"yes\",\"operator\":\"NOT IN\"}}],\"no_found_rows\":1,\"ignore_sticky_posts\":1}' data-template=\"compact_grid\" id=\"rh_dealgrid_1052223205\" data-innerargs='{\"columns\":\"4_col\",\"aff_link\":\"1\",\"disable_btn\":\"\",\"disable_act\":\"1\",\"price_meta\":\"1\",\"gridtype\":\"mobile\"}'>\r\n\t\t\t\t\t\t\t\n\n\n\n<article class=\"col_item offer_grid rehub-sec-smooth offer_grid_com mobile_compact_grid mobile_grid \">\n    <div class=\"info_in_dealgrid\">\n                <figure class=\"mb15\">\n                        <a class=\"img-centered-flex rh-flex-center-align rh-flex-justify-center re_track_btn\" href=\"https:\/\/www.black-friday.ch\/fr\/\/out\/5160-apple-iphone-16-pro-max-512gb-versch-farben\/\"  rel=\"nofollow sponsored\" target=\"_blank\" >\n                                                                            <img decoding=\"async\" src=\"https:\/\/www.black-friday.ch\/wp-content\/themes\/rehub-theme\/images\/default\/noimage_220_150.png\" data-src=\"https:\/\/www.black-friday.ch\/wp-content\/uploads\/2023\/08\/apple-iphone-14-pro-max-512gb-space-black-smartphone-121x150.jpg\" alt=\"APPLE iPhone 16 Pro Max 512GB (dif. couleurs)\" data-skip-lazy=\"\" class=\"lazyload \" width=\"121\" height=\"150\">                                                <\/a>\n        <\/figure>\n                <div class=\"grid_desc_and_btn\">\n            <div class=\"grid_row_info flowhidden\">\n                \n                                <div class=\"flowhidden julianh3mod mb10 mt0 fontnormal position-relative \"><a href=\"https:\/\/www.black-friday.ch\/fr\/\/out\/5160-apple-iphone-16-pro-max-512gb-versch-farben\/\"  rel=\"nofollow sponsored\" target=\"_blank\"  class=\"re_track_btn\">APPLE iPhone 16 Pro Max 512GB (dif. couleurs)<\/a><\/div>\n                \t\t\t\t\t\t\t\t\t\t\t\t\t\t\t\t\n\t\t\t\t\t\t\t\t\t\n\t\t \n\t\t\t\t\t        <div class=\"priced_block clearfix  mb0 fontbold font110\">\n\t              \t        \t\n\t            \t            \t<span class=\"rh_price_wrapper\">\n\t            \t\t<span class=\"price_count\">\n\t            \t\t\t<span class=\"rh_regular_price\">CHF 1.279,00<\/span>\n\t            \t\t\t\t            \t\t<\/span>\n\t            \t<\/span>\n\t            \t    \t\t\t\n\t\t    \t\t\t\t\t\t\t\t    \t\t\n\t\t        \t            \t        \n\t        <\/div>\n            \t\t\t\n\t                    <span class=\"verifymeta mr5 font80 greencolor\"><i class=\"rhicon rhi-shield-check\"><\/i> Prix mis \u00e0 jour aujourd&#039;hui<\/span> \n                                                                    <div class=\"meta_for_grid\">\n                        <div class=\"cat_store_for_grid fontitalic floatleft\">\n                            \t\t\t\t<span class=\"cat_link_meta\"><a href=\"https:\/\/www.black-friday.ch\/fr\/cat\/produkte-deals-fr\/\" class=\"cat\">Produkte-Deals FR<\/a><\/span>\n\t                        <\/div>\n                                                    <div class=\"date_for_grid floatright\">\n                                <span class=\"date_ago\">\n                                                                                                                <i class=\"rhicon rhi-clock\"><\/i>2 years ago                                                                    <\/span>\n                            <\/div>\n                                            <\/div>\n                                                                <\/div>\n        <\/div>\n    <\/div>\n    \n<div class=\"wp-block-group is-layout-flow\"><\/div>\n            <div class=\"mt10 text-center clearbox\">\t\t\t\t\t\t\t\t\t\t\t\t\t\t\t\t\n\t\t\t\t\t\t\t\t\t\n\t\t \n\t\t\t\t\t        <div class=\"priced_block clearfix  \">\n\t              \t        \t\n\t            \t    \t\t\t    \t\t\t<span class=\"rh_button_wrapper\">\n\t\t            \t<a href=\"https:\/\/www.black-friday.ch\/fr\/\/out\/5160-apple-iphone-16-pro-max-512gb-versch-farben\/\" class=\"btn_offer_block re_track_btn\" target=\"_blank\" rel=\"nofollow sponsored\">\n\t\t\t            \t\t\t            \tVoir l&#8217;offre\t\t\t            \t\t\t            \t\t            <\/a>\n\t\t        \t<\/span>\n\t            \t\n\t\t    \t\t\t\t\t\t\t\t    \t\t\n\t\t        \t            \t        \n\t        <\/div>\n            \t    \t\t    \t\t\t\n\t<\/div>\n        \n            <\/article>\t\t\t\t\t\t\t\n\n\n\n<article class=\"col_item offer_grid rehub-sec-smooth offer_grid_com mobile_compact_grid mobile_grid \">\n    <div class=\"info_in_dealgrid\">\n                <figure class=\"mb15\">\n                        <a class=\"img-centered-flex rh-flex-center-align rh-flex-justify-center re_track_btn\" href=\"https:\/\/www.black-friday.ch\/fr\/\/out\/18232-apple-iphone-17-pro-256gb-dif-couleurs\/\"  rel=\"nofollow sponsored\" target=\"_blank\" >\n                                                                            <img decoding=\"async\" src=\"https:\/\/www.black-friday.ch\/wp-content\/themes\/rehub-theme\/images\/default\/noimage_220_150.png\" data-src=\"https:\/\/www.black-friday.ch\/wp-content\/uploads\/2025\/10\/3-e9684c-150x150.jpg\" alt=\"APPLE iPhone 17 Pro 256GB (dif. couleurs)\" data-skip-lazy=\"\" class=\"lazyload \" width=\"150\" height=\"150\">                                                <\/a>\n        <\/figure>\n                <div class=\"grid_desc_and_btn\">\n            <div class=\"grid_row_info flowhidden\">\n                \n                                <div class=\"flowhidden julianh3mod mb10 mt0 fontnormal position-relative \"><a href=\"https:\/\/www.black-friday.ch\/fr\/\/out\/18232-apple-iphone-17-pro-256gb-dif-couleurs\/\"  rel=\"nofollow sponsored\" target=\"_blank\"  class=\"re_track_btn\">APPLE iPhone 17 Pro 256GB (dif. couleurs)<\/a><\/div>\n                \t\t\t\t\t\t\t\t\t\t\t\t\t\t\t\t\n\t\t\t\t\t\t\t\t\t\n\t\t \n\t\t\t\t\t        <div class=\"priced_block clearfix  mb0 fontbold font110\">\n\t              \t        \t\n\t            \t            \t<span class=\"rh_price_wrapper\">\n\t            \t\t<span class=\"price_count\">\n\t            \t\t\t<span class=\"rh_regular_price\">CHF 1.079,00<\/span>\n\t            \t\t\t\t            \t\t<\/span>\n\t            \t<\/span>\n\t            \t    \t\t\t\n\t\t    \t\t\t\t\t\t\t\t    \t\t\n\t\t        \t            \t        \n\t        <\/div>\n            \t\t\t\n\t                    <span class=\"verifymeta mr5 font80 greencolor\"><i class=\"rhicon rhi-shield-check\"><\/i> Preis heute aktualisiert<\/span> \n                                                                    <div class=\"meta_for_grid\">\n                        <div class=\"cat_store_for_grid fontitalic floatleft\">\n                            \t\t\t\t<span class=\"cat_link_meta\"><a href=\"https:\/\/www.black-friday.ch\/fr\/cat\/produkte-deals-fr\/\" class=\"cat\">Produkte-Deals FR<\/a><\/span>\n\t                        <\/div>\n                                                    <div class=\"date_for_grid floatright\">\n                                <span class=\"date_ago\">\n                                                                                                                <i class=\"rhicon rhi-clock\"><\/i>7 months ago                                                                    <\/span>\n                            <\/div>\n                                            <\/div>\n                                                                <\/div>\n        <\/div>\n    <\/div>\n    \n<div class=\"wp-block-group is-layout-flow\"><\/div>\n            <div class=\"mt10 text-center clearbox\">\t\t\t\t\t\t\t\t\t\t\t\t\t\t\t\t\n\t\t\t\t\t\t\t\t\t\n\t\t \n\t\t\t\t\t        <div class=\"priced_block clearfix  \">\n\t              \t        \t\n\t            \t    \t\t\t    \t\t\t<span class=\"rh_button_wrapper\">\n\t\t            \t<a href=\"https:\/\/www.black-friday.ch\/fr\/\/out\/18232-apple-iphone-17-pro-256gb-dif-couleurs\/\" class=\"btn_offer_block re_track_btn\" target=\"_blank\" rel=\"nofollow sponsored\">\n\t\t\t            \t\t\t            \tVoir l&#8217;offre\t\t\t            \t\t\t            \t\t            <\/a>\n\t\t        \t<\/span>\n\t            \t\n\t\t    \t\t\t\t\t\t\t\t    \t\t\n\t\t        \t            \t        \n\t        <\/div>\n            \t    \t\t    \t\t\t\n\t<\/div>\n        \n            <\/article>\t\t\t\t\t\t\t\n\n\n\n<article class=\"col_item offer_grid rehub-sec-smooth offer_grid_com mobile_compact_grid mobile_grid \">\n    <div class=\"info_in_dealgrid\">\n                <figure class=\"mb15\">\n                        <a class=\"img-centered-flex rh-flex-center-align rh-flex-justify-center re_track_btn\" href=\"https:\/\/www.black-friday.ch\/fr\/\/out\/5475-apple-iphone-15-pro-128gb\/\"  rel=\"nofollow sponsored\" target=\"_blank\" >\n                                                                            <img decoding=\"async\" src=\"https:\/\/www.black-friday.ch\/wp-content\/themes\/rehub-theme\/images\/default\/noimage_220_150.png\" data-src=\"https:\/\/www.black-friday.ch\/wp-content\/uploads\/2023\/09\/apple-iphone-15-pro-128gb-black-titanium-smartphone-123x150.jpg\" alt=\"APPLE iPhone 15 Pro 128GB (dif. couleurs)\" data-skip-lazy=\"\" class=\"lazyload \" width=\"123\" height=\"150\">                                                <\/a>\n        <\/figure>\n                <div class=\"grid_desc_and_btn\">\n            <div class=\"grid_row_info flowhidden\">\n                \n                                <div class=\"flowhidden julianh3mod mb10 mt0 fontnormal position-relative \"><a href=\"https:\/\/www.black-friday.ch\/fr\/\/out\/5475-apple-iphone-15-pro-128gb\/\"  rel=\"nofollow sponsored\" target=\"_blank\"  class=\"re_track_btn\">APPLE iPhone 15 Pro 128GB (dif. couleurs)<\/a><\/div>\n                \t\t\t\t\t\t\t\t\t\t\t\t\t\t\t\t\n\t\t\t\t\t\t\t\t\t\n\t\t \n\t\t\t\t\t        <div class=\"priced_block clearfix  mb0 fontbold font110\">\n\t              \t        \t\n\t            \t            \t<span class=\"rh_price_wrapper\">\n\t            \t\t<span class=\"price_count\">\n\t            \t\t\t<span class=\"rh_regular_price\">CHF 869,00<\/span>\n\t            \t\t\t\t            \t\t<\/span>\n\t            \t<\/span>\n\t            \t    \t\t\t\n\t\t    \t\t\t\t\t\t\t\t    \t\t\n\t\t        \t            \t        \n\t        <\/div>\n            \t\t\t\n\t                    <span class=\"verifymeta mr5 font80 greencolor\"><i class=\"rhicon rhi-shield-check\"><\/i> Prix mis \u00e0 jour aujourd&#039;hui<\/span> \n                                                                    <div class=\"meta_for_grid\">\n                        <div class=\"cat_store_for_grid fontitalic floatleft\">\n                            \t\t\t\t<span class=\"cat_link_meta\"><a href=\"https:\/\/www.black-friday.ch\/fr\/cat\/produkte-deals-fr\/\" class=\"cat\">Produkte-Deals FR<\/a><\/span>\n\t                        <\/div>\n                                                    <div class=\"date_for_grid floatright\">\n                                <span class=\"date_ago\">\n                                                                                                                <i class=\"rhicon rhi-clock\"><\/i>2 years ago                                                                    <\/span>\n                            <\/div>\n                                            <\/div>\n                                                                <\/div>\n        <\/div>\n    <\/div>\n    \n<div class=\"wp-block-group is-layout-flow\"><\/div>\n            <div class=\"mt10 text-center clearbox\">\t\t\t\t\t\t\t\t\t\t\t\t\t\t\t\t\n\t\t\t\t\t\t\t\t\t\n\t\t \n\t\t\t\t\t        <div class=\"priced_block clearfix  \">\n\t              \t        \t\n\t            \t    \t\t\t    \t\t\t<span class=\"rh_button_wrapper\">\n\t\t            \t<a href=\"https:\/\/www.black-friday.ch\/fr\/\/out\/5475-apple-iphone-15-pro-128gb\/\" class=\"btn_offer_block re_track_btn\" target=\"_blank\" rel=\"nofollow sponsored\">\n\t\t\t            \t\t\t            \tVoir l&#8217;offre\t\t\t            \t\t\t            \t\t            <\/a>\n\t\t        \t<\/span>\n\t            \t\n\t\t    \t\t\t\t\t\t\t\t    \t\t\n\t\t        \t            \t        \n\t        <\/div>\n            \t    \t\t    \t\t\t\n\t<\/div>\n        \n            <\/article>\t\t\t\t\t\t\t\n\n\n\n<article class=\"col_item offer_grid rehub-sec-smooth offer_grid_com mobile_compact_grid mobile_grid \">\n    <div class=\"info_in_dealgrid\">\n                <figure class=\"mb15\">\n                        <a class=\"img-centered-flex rh-flex-center-align rh-flex-justify-center re_track_btn\" href=\"https:\/\/www.black-friday.ch\/fr\/\/out\/5213-samsung-galaxy-s24-128gb-versch-farben\/\"  rel=\"nofollow sponsored\" target=\"_blank\" >\n                                                                            <img decoding=\"async\" src=\"https:\/\/www.black-friday.ch\/wp-content\/themes\/rehub-theme\/images\/default\/noimage_220_150.png\" data-src=\"https:\/\/www.black-friday.ch\/wp-content\/uploads\/2023\/08\/samsung-galaxy-s23-128gb-phantom-black-smartphone-124x150.jpg\" alt=\"SAMSUNG Galaxy S24 128GB (dif. couleurs)\" data-skip-lazy=\"\" class=\"lazyload \" width=\"124\" height=\"150\">                                                <\/a>\n        <\/figure>\n                <div class=\"grid_desc_and_btn\">\n            <div class=\"grid_row_info flowhidden\">\n                \n                                <div class=\"flowhidden julianh3mod mb10 mt0 fontnormal position-relative \"><a href=\"https:\/\/www.black-friday.ch\/fr\/\/out\/5213-samsung-galaxy-s24-128gb-versch-farben\/\"  rel=\"nofollow sponsored\" target=\"_blank\"  class=\"re_track_btn\">SAMSUNG Galaxy S24 128GB (dif. couleurs)<\/a><\/div>\n                \t\t\t\t\t\t\t\t\t\t\t\t\t\t\t\t\n\t\t\t\t\t\t\t\t\t\n\t\t \n\t\t\t\t\t        <div class=\"priced_block clearfix  mb0 fontbold font110\">\n\t              \t        \t\n\t            \t            \t<span class=\"rh_price_wrapper\">\n\t            \t\t<span class=\"price_count\">\n\t            \t\t\t<span class=\"rh_regular_price\">CHF 419,00<\/span>\n\t            \t\t\t\t            \t\t<\/span>\n\t            \t<\/span>\n\t            \t    \t\t\t\n\t\t    \t\t\t\t\t\t\t\t    \t\t\n\t\t        \t            \t        \n\t        <\/div>\n            \t\t\t\n\t                    <span class=\"verifymeta mr5 font80 greencolor\"><i class=\"rhicon rhi-shield-check\"><\/i> Prix mis \u00e0 jour aujourd&#039;hui<\/span> \n                                                                    <div class=\"meta_for_grid\">\n                        <div class=\"cat_store_for_grid fontitalic floatleft\">\n                            \t\t\t\t<span class=\"cat_link_meta\"><a href=\"https:\/\/www.black-friday.ch\/fr\/cat\/produkte-deals-fr\/\" class=\"cat\">Produkte-Deals FR<\/a><\/span>\n\t                        <\/div>\n                                                    <div class=\"date_for_grid floatright\">\n                                <span class=\"date_ago\">\n                                                                                                                <i class=\"rhicon rhi-clock\"><\/i>2 years ago                                                                    <\/span>\n                            <\/div>\n                                            <\/div>\n                                                                <\/div>\n        <\/div>\n    <\/div>\n    \n<div class=\"wp-block-group is-layout-flow\"><\/div>\n            <div class=\"mt10 text-center clearbox\">\t\t\t\t\t\t\t\t\t\t\t\t\t\t\t\t\n\t\t\t\t\t\t\t\t\t\n\t\t \n\t\t\t\t\t        <div class=\"priced_block clearfix  \">\n\t              \t        \t\n\t            \t    \t\t\t    \t\t\t<span class=\"rh_button_wrapper\">\n\t\t            \t<a href=\"https:\/\/www.black-friday.ch\/fr\/\/out\/5213-samsung-galaxy-s24-128gb-versch-farben\/\" class=\"btn_offer_block re_track_btn\" target=\"_blank\" rel=\"nofollow sponsored\">\n\t\t\t            \t\t\t            \tVoir l&#8217;offre\t\t\t            \t\t\t            \t\t            <\/a>\n\t\t        \t<\/span>\n\t            \t\n\t\t    \t\t\t\t\t\t\t\t    \t\t\n\t\t        \t            \t        \n\t        <\/div>\n            \t    \t\t    \t\t\t\n\t<\/div>\n        \n            <\/article>\t\t\t\t\t\t\t\n\n\n\n<article class=\"col_item offer_grid rehub-sec-smooth offer_grid_com mobile_compact_grid mobile_grid \">\n    <div class=\"info_in_dealgrid\">\n                <figure class=\"mb15\">\n                        <a class=\"img-centered-flex rh-flex-center-align rh-flex-justify-center re_track_btn\" href=\"https:\/\/www.black-friday.ch\/fr\/\/out\/5479-apple-iphone-15-pro-max-256gb\/\"  rel=\"nofollow sponsored\" target=\"_blank\" >\n                                                                            <img decoding=\"async\" src=\"https:\/\/www.black-friday.ch\/wp-content\/themes\/rehub-theme\/images\/default\/noimage_220_150.png\" data-src=\"https:\/\/www.black-friday.ch\/wp-content\/uploads\/2023\/09\/apple-iphone-15-pro-max-256gb-black-titanium-smartphone-121x150.jpg\" alt=\"APPLE iPhone 15 Pro Max 256GB (dif. couleurs)\" data-skip-lazy=\"\" class=\"lazyload \" width=\"121\" height=\"150\">                                                <\/a>\n        <\/figure>\n                <div class=\"grid_desc_and_btn\">\n            <div class=\"grid_row_info flowhidden\">\n                \n                                <div class=\"flowhidden julianh3mod mb10 mt0 fontnormal position-relative \"><a href=\"https:\/\/www.black-friday.ch\/fr\/\/out\/5479-apple-iphone-15-pro-max-256gb\/\"  rel=\"nofollow sponsored\" target=\"_blank\"  class=\"re_track_btn\">APPLE iPhone 15 Pro Max 256GB (dif. couleurs)<\/a><\/div>\n                \t\t\t\t\t\t\t\t\t\t\t\t\t\t\t\t\n\t\t\t\t\t\t\t\t\t\n\t\t \n\t\t\t\t\t        <div class=\"priced_block clearfix  mb0 fontbold font110\">\n\t              \t        \t\n\t            \t            \t<span class=\"rh_price_wrapper\">\n\t            \t\t<span class=\"price_count\">\n\t            \t\t\t<span class=\"rh_regular_price\">CHF 1.049,00<\/span>\n\t            \t\t\t\t            \t\t<\/span>\n\t            \t<\/span>\n\t            \t    \t\t\t\n\t\t    \t\t\t\t\t\t\t\t    \t\t\n\t\t        \t            \t        \n\t        <\/div>\n            \t\t\t\n\t                    <span class=\"verifymeta mr5 font80 greencolor\"><i class=\"rhicon rhi-shield-check\"><\/i> Prix mis \u00e0 jour aujourd&#039;hui<\/span> \n                                                                    <div class=\"meta_for_grid\">\n                        <div class=\"cat_store_for_grid fontitalic floatleft\">\n                            \t\t\t\t<span class=\"cat_link_meta\"><a href=\"https:\/\/www.black-friday.ch\/fr\/cat\/produkte-deals-fr\/\" class=\"cat\">Produkte-Deals FR<\/a><\/span>\n\t                        <\/div>\n                                                    <div class=\"date_for_grid floatright\">\n                                <span class=\"date_ago\">\n                                                                                                                <i class=\"rhicon rhi-clock\"><\/i>2 years ago                                                                    <\/span>\n                            <\/div>\n                                            <\/div>\n                                                                <\/div>\n        <\/div>\n    <\/div>\n    \n<div class=\"wp-block-group is-layout-flow\"><\/div>\n            <div class=\"mt10 text-center clearbox\">\t\t\t\t\t\t\t\t\t\t\t\t\t\t\t\t\n\t\t\t\t\t\t\t\t\t\n\t\t \n\t\t\t\t\t        <div class=\"priced_block clearfix  \">\n\t              \t        \t\n\t            \t    \t\t\t    \t\t\t<span class=\"rh_button_wrapper\">\n\t\t            \t<a href=\"https:\/\/www.black-friday.ch\/fr\/\/out\/5479-apple-iphone-15-pro-max-256gb\/\" class=\"btn_offer_block re_track_btn\" target=\"_blank\" rel=\"nofollow sponsored\">\n\t\t\t            \t\t\t            \tVoir l&#8217;offre\t\t\t            \t\t\t            \t\t            <\/a>\n\t\t        \t<\/span>\n\t            \t\n\t\t    \t\t\t\t\t\t\t\t    \t\t\n\t\t        \t            \t        \n\t        <\/div>\n            \t    \t\t    \t\t\t\n\t<\/div>\n        \n            <\/article>\t\t\t\t\t\t\t\n\n\n\n<article class=\"col_item offer_grid rehub-sec-smooth offer_grid_com mobile_compact_grid mobile_grid \">\n    <div class=\"info_in_dealgrid\">\n                <figure class=\"mb15\">\n                        <a class=\"img-centered-flex rh-flex-center-align rh-flex-justify-center re_track_btn\" href=\"https:\/\/www.black-friday.ch\/fr\/\/out\/5168-samsung-galaxy-s24-ultra-512gb-versch-farben\/\"  rel=\"nofollow sponsored\" target=\"_blank\" >\n                                                                            <img decoding=\"async\" src=\"https:\/\/www.black-friday.ch\/wp-content\/themes\/rehub-theme\/images\/default\/noimage_220_150.png\" data-src=\"https:\/\/www.black-friday.ch\/wp-content\/uploads\/2023\/08\/samsung-galaxy-s23-ultra-256gb-cream-smartphone-147x150.jpg\" alt=\"SAMSUNG Galaxy S24 Ultra 512GB (dif. couleurs)\" data-skip-lazy=\"\" class=\"lazyload \" width=\"147\" height=\"150\">                                                <\/a>\n        <\/figure>\n                <div class=\"grid_desc_and_btn\">\n            <div class=\"grid_row_info flowhidden\">\n                \n                                <div class=\"flowhidden julianh3mod mb10 mt0 fontnormal position-relative \"><a href=\"https:\/\/www.black-friday.ch\/fr\/\/out\/5168-samsung-galaxy-s24-ultra-512gb-versch-farben\/\"  rel=\"nofollow sponsored\" target=\"_blank\"  class=\"re_track_btn\">SAMSUNG Galaxy S24 Ultra 512GB (dif. couleurs)<\/a><\/div>\n                \t\t\t\t\t\t\t\t\t\t\t\t\t\t\t\t\n\t\t\t\t\t\t\t\t\t\n\t\t \n\t\t\t\t\t        <div class=\"priced_block clearfix  mb0 fontbold font110\">\n\t              \t        \t\n\t            \t            \t<span class=\"rh_price_wrapper\">\n\t            \t\t<span class=\"price_count\">\n\t            \t\t\t<span class=\"rh_regular_price\">CHF 999,00<\/span>\n\t            \t\t\t\t            \t\t<\/span>\n\t            \t<\/span>\n\t            \t    \t\t\t\n\t\t    \t\t\t\t\t\t\t\t    \t\t\n\t\t        \t            \t        \n\t        <\/div>\n            \t\t\t\n\t                    <span class=\"verifymeta mr5 font80 greencolor\"><i class=\"rhicon rhi-shield-check\"><\/i> Prix mis \u00e0 jour aujourd&#039;hui<\/span> \n                                                                    <div class=\"meta_for_grid\">\n                        <div class=\"cat_store_for_grid fontitalic floatleft\">\n                            \t\t\t\t<span class=\"cat_link_meta\"><a href=\"https:\/\/www.black-friday.ch\/fr\/cat\/produkte-deals-fr\/\" class=\"cat\">Produkte-Deals FR<\/a><\/span>\n\t                        <\/div>\n                                                    <div class=\"date_for_grid floatright\">\n                                <span class=\"date_ago\">\n                                                                                                                <i class=\"rhicon rhi-clock\"><\/i>2 years ago                                                                    <\/span>\n                            <\/div>\n                                            <\/div>\n                                                                <\/div>\n        <\/div>\n    <\/div>\n    \n<div class=\"wp-block-group is-layout-flow\"><\/div>\n            <div class=\"mt10 text-center clearbox\">\t\t\t\t\t\t\t\t\t\t\t\t\t\t\t\t\n\t\t\t\t\t\t\t\t\t\n\t\t \n\t\t\t\t\t        <div class=\"priced_block clearfix  \">\n\t              \t        \t\n\t            \t    \t\t\t    \t\t\t<span class=\"rh_button_wrapper\">\n\t\t            \t<a href=\"https:\/\/www.black-friday.ch\/fr\/\/out\/5168-samsung-galaxy-s24-ultra-512gb-versch-farben\/\" class=\"btn_offer_block re_track_btn\" target=\"_blank\" rel=\"nofollow sponsored\">\n\t\t\t            \t\t\t            \tVoir l&#8217;offre\t\t\t            \t\t\t            \t\t            <\/a>\n\t\t        \t<\/span>\n\t            \t\n\t\t    \t\t\t\t\t\t\t\t    \t\t\n\t\t        \t            \t        \n\t        <\/div>\n            \t    \t\t    \t\t\t\n\t<\/div>\n        \n            <\/article>\t\t\t\t\t\t\t\n\n\n\n<article class=\"col_item offer_grid rehub-sec-smooth offer_grid_com mobile_compact_grid mobile_grid \">\n    <div class=\"info_in_dealgrid\">\n                <figure class=\"mb15\">\n                        <a class=\"img-centered-flex rh-flex-center-align rh-flex-justify-center re_track_btn\" href=\"https:\/\/www.black-friday.ch\/fr\/\/out\/5221-apple-iphone-16-pro-128gb-versch-farben\/\"  rel=\"nofollow sponsored\" target=\"_blank\" >\n                                                                            <img decoding=\"async\" src=\"https:\/\/www.black-friday.ch\/wp-content\/themes\/rehub-theme\/images\/default\/noimage_220_150.png\" data-src=\"https:\/\/www.black-friday.ch\/wp-content\/uploads\/2023\/08\/apple-iphone-14-pro-128gb-deep-purple-smartphone-122x150.jpg\" alt=\"APPLE iPhone 16 Pro 128GB (dif. couleurs)\" data-skip-lazy=\"\" class=\"lazyload \" width=\"122\" height=\"150\">                                                <\/a>\n        <\/figure>\n                <div class=\"grid_desc_and_btn\">\n            <div class=\"grid_row_info flowhidden\">\n                \n                                <div class=\"flowhidden julianh3mod mb10 mt0 fontnormal position-relative \"><a href=\"https:\/\/www.black-friday.ch\/fr\/\/out\/5221-apple-iphone-16-pro-128gb-versch-farben\/\"  rel=\"nofollow sponsored\" target=\"_blank\"  class=\"re_track_btn\">APPLE iPhone 16 Pro 128GB (dif. couleurs)<\/a><\/div>\n                \t\t\t\t\t\t\t\t\t\t\t\t\t\t\t\t\n\t\t\t\t\t\t\t\t\t\n\t\t \n\t\t\t\t\t        <div class=\"priced_block clearfix  mb0 fontbold font110\">\n\t              \t        \t\n\t            \t            \t<span class=\"rh_price_wrapper\">\n\t            \t\t<span class=\"price_count\">\n\t            \t\t\t<span class=\"rh_regular_price\">CHF 898,70<\/span>\n\t            \t\t\t\t            \t\t<\/span>\n\t            \t<\/span>\n\t            \t    \t\t\t\n\t\t    \t\t\t\t\t\t\t\t    \t\t\n\t\t        \t            \t        \n\t        <\/div>\n            \t\t\t\n\t                    <span class=\"verifymeta mr5 font80 greencolor\"><i class=\"rhicon rhi-shield-check\"><\/i> Prix mis \u00e0 jour aujourd&#039;hui<\/span> \n                                                                    <div class=\"meta_for_grid\">\n                        <div class=\"cat_store_for_grid fontitalic floatleft\">\n                            \t\t\t\t<span class=\"cat_link_meta\"><a href=\"https:\/\/www.black-friday.ch\/fr\/cat\/produkte-deals-fr\/\" class=\"cat\">Produkte-Deals FR<\/a><\/span>\n\t                        <\/div>\n                                                    <div class=\"date_for_grid floatright\">\n                                <span class=\"date_ago\">\n                                                                                                                <i class=\"rhicon rhi-clock\"><\/i>2 years ago                                                                    <\/span>\n                            <\/div>\n                                            <\/div>\n                                                                <\/div>\n        <\/div>\n    <\/div>\n    \n<div class=\"wp-block-group is-layout-flow\"><\/div>\n            <div class=\"mt10 text-center clearbox\">\t\t\t\t\t\t\t\t\t\t\t\t\t\t\t\t\n\t\t\t\t\t\t\t\t\t\n\t\t \n\t\t\t\t\t        <div class=\"priced_block clearfix  \">\n\t              \t        \t\n\t            \t    \t\t\t    \t\t\t<span class=\"rh_button_wrapper\">\n\t\t            \t<a href=\"https:\/\/www.black-friday.ch\/fr\/\/out\/5221-apple-iphone-16-pro-128gb-versch-farben\/\" class=\"btn_offer_block re_track_btn\" target=\"_blank\" rel=\"nofollow sponsored\">\n\t\t\t            \t\t\t            \tVoir l&#8217;offre\t\t\t            \t\t\t            \t\t            <\/a>\n\t\t        \t<\/span>\n\t            \t\n\t\t    \t\t\t\t\t\t\t\t    \t\t\n\t\t        \t            \t        \n\t        <\/div>\n            \t    \t\t    \t\t\t\n\t<\/div>\n        \n            <\/article>\t\t\t\t\t\t\t\n\n\n\n<article class=\"col_item offer_grid rehub-sec-smooth offer_grid_com mobile_compact_grid mobile_grid \">\n    <div class=\"info_in_dealgrid\">\n                <figure class=\"mb15\">\n                        <a class=\"img-centered-flex rh-flex-center-align rh-flex-justify-center re_track_btn\" href=\"https:\/\/www.black-friday.ch\/fr\/\/out\/5166-apple-iphone-16-pro-512gb-versch-farben\/\"  rel=\"nofollow sponsored\" target=\"_blank\" >\n                                                                            <img decoding=\"async\" src=\"https:\/\/www.black-friday.ch\/wp-content\/themes\/rehub-theme\/images\/default\/noimage_220_150.png\" data-src=\"https:\/\/www.black-friday.ch\/wp-content\/uploads\/2023\/08\/apple-iphone-14-pro-512gb-gold-smartphone-122x150.jpg\" alt=\"APPLE iPhone 16 Pro 512GB (dif. couleurs)\" data-skip-lazy=\"\" class=\"lazyload \" width=\"122\" height=\"150\">                                                <\/a>\n        <\/figure>\n                <div class=\"grid_desc_and_btn\">\n            <div class=\"grid_row_info flowhidden\">\n                \n                                <div class=\"flowhidden julianh3mod mb10 mt0 fontnormal position-relative \"><a href=\"https:\/\/www.black-friday.ch\/fr\/\/out\/5166-apple-iphone-16-pro-512gb-versch-farben\/\"  rel=\"nofollow sponsored\" target=\"_blank\"  class=\"re_track_btn\">APPLE iPhone 16 Pro 512GB (dif. couleurs)<\/a><\/div>\n                \t\t\t\t\t\t\t\t\t\t\t\t\t\t\t\t\n\t\t\t\t\t\t\t\t\t\n\t\t \n\t\t\t\t\t        <div class=\"priced_block clearfix  mb0 fontbold font110\">\n\t              \t        \t\n\t            \t            \t<span class=\"rh_price_wrapper\">\n\t            \t\t<span class=\"price_count\">\n\t            \t\t\t<span class=\"rh_regular_price\">CHF 1.199,00<\/span>\n\t            \t\t\t\t            \t\t<\/span>\n\t            \t<\/span>\n\t            \t    \t\t\t\n\t\t    \t\t\t\t\t\t\t\t    \t\t\n\t\t        \t            \t        \n\t        <\/div>\n            \t\t\t\n\t                    <span class=\"verifymeta mr5 font80 greencolor\"><i class=\"rhicon rhi-shield-check\"><\/i> Prix mis \u00e0 jour aujourd&#039;hui<\/span> \n                                                                    <div class=\"meta_for_grid\">\n                        <div class=\"cat_store_for_grid fontitalic floatleft\">\n                            \t\t\t\t<span class=\"cat_link_meta\"><a href=\"https:\/\/www.black-friday.ch\/fr\/cat\/produkte-deals-fr\/\" class=\"cat\">Produkte-Deals FR<\/a><\/span>\n\t                        <\/div>\n                                                    <div class=\"date_for_grid floatright\">\n                                <span class=\"date_ago\">\n                                                                                                                <i class=\"rhicon rhi-clock\"><\/i>2 years ago                                                                    <\/span>\n                            <\/div>\n                                            <\/div>\n                                                                <\/div>\n        <\/div>\n    <\/div>\n    \n<div class=\"wp-block-group is-layout-flow\"><\/div>\n            <div class=\"mt10 text-center clearbox\">\t\t\t\t\t\t\t\t\t\t\t\t\t\t\t\t\n\t\t\t\t\t\t\t\t\t\n\t\t \n\t\t\t\t\t        <div class=\"priced_block clearfix  \">\n\t              \t        \t\n\t            \t    \t\t\t    \t\t\t<span class=\"rh_button_wrapper\">\n\t\t            \t<a href=\"https:\/\/www.black-friday.ch\/fr\/\/out\/5166-apple-iphone-16-pro-512gb-versch-farben\/\" class=\"btn_offer_block re_track_btn\" target=\"_blank\" rel=\"nofollow sponsored\">\n\t\t\t            \t\t\t            \tVoir l&#8217;offre\t\t\t            \t\t\t            \t\t            <\/a>\n\t\t        \t<\/span>\n\t            \t\n\t\t    \t\t\t\t\t\t\t\t    \t\t\n\t\t        \t            \t        \n\t        <\/div>\n            \t    \t\t    \t\t\t\n\t<\/div>\n        \n            <\/article>\t\t\t\t\t\t\t\n\n\n\n<article class=\"col_item offer_grid rehub-sec-smooth offer_grid_com mobile_compact_grid mobile_grid \">\n    <div class=\"info_in_dealgrid\">\n                <figure class=\"mb15\">\n                        <a class=\"img-centered-flex rh-flex-center-align rh-flex-justify-center re_track_btn\" href=\"https:\/\/www.black-friday.ch\/fr\/\/out\/5170-samsung-galaxy-s24-plus-256gb-versch-farben-2\/\"  rel=\"nofollow sponsored\" target=\"_blank\" >\n                                                                            <img decoding=\"async\" src=\"https:\/\/www.black-friday.ch\/wp-content\/themes\/rehub-theme\/images\/default\/noimage_220_150.png\" data-src=\"https:\/\/www.black-friday.ch\/wp-content\/uploads\/2023\/08\/samsung-galaxy-s23-256gb-phantom-black-smartphone-1-124x150.jpg\" alt=\"SAMSUNG Galaxy S24+ 256GB (dif. couleurs)\" data-skip-lazy=\"\" class=\"lazyload \" width=\"124\" height=\"150\">                                                <\/a>\n        <\/figure>\n                <div class=\"grid_desc_and_btn\">\n            <div class=\"grid_row_info flowhidden\">\n                \n                                <div class=\"flowhidden julianh3mod mb10 mt0 fontnormal position-relative \"><a href=\"https:\/\/www.black-friday.ch\/fr\/\/out\/5170-samsung-galaxy-s24-plus-256gb-versch-farben-2\/\"  rel=\"nofollow sponsored\" target=\"_blank\"  class=\"re_track_btn\">SAMSUNG Galaxy S24+ 256GB (dif. couleurs)<\/a><\/div>\n                \t\t\t\t\t\t\t\t\t\t\t\t\t\t\t\t\n\t\t\t\t\t\t\t\t\t\n\t\t \n\t\t\t\t\t        <div class=\"priced_block clearfix  mb0 fontbold font110\">\n\t              \t        \t\n\t            \t            \t<span class=\"rh_price_wrapper\">\n\t            \t\t<span class=\"price_count\">\n\t            \t\t\t<span class=\"rh_regular_price\">CHF 679,00<\/span>\n\t            \t\t\t\t            \t\t<\/span>\n\t            \t<\/span>\n\t            \t    \t\t\t\n\t\t    \t\t\t\t\t\t\t\t    \t\t\n\t\t        \t            \t        \n\t        <\/div>\n            \t\t\t\n\t                    <span class=\"verifymeta mr5 font80 greencolor\"><i class=\"rhicon rhi-shield-check\"><\/i> Prix mis \u00e0 jour aujourd&#039;hui<\/span> \n                                                                    <div class=\"meta_for_grid\">\n                        <div class=\"cat_store_for_grid fontitalic floatleft\">\n                            \t\t\t\t<span class=\"cat_link_meta\"><a href=\"https:\/\/www.black-friday.ch\/fr\/cat\/produkte-deals-fr\/\" class=\"cat\">Produkte-Deals FR<\/a><\/span>\n\t                        <\/div>\n                                                    <div class=\"date_for_grid floatright\">\n                                <span class=\"date_ago\">\n                                                                                                                <i class=\"rhicon rhi-clock\"><\/i>2 years ago                                                                    <\/span>\n                            <\/div>\n                                            <\/div>\n                                                                <\/div>\n        <\/div>\n    <\/div>\n    \n<div class=\"wp-block-group is-layout-flow\"><\/div>\n            <div class=\"mt10 text-center clearbox\">\t\t\t\t\t\t\t\t\t\t\t\t\t\t\t\t\n\t\t\t\t\t\t\t\t\t\n\t\t \n\t\t\t\t\t        <div class=\"priced_block clearfix  \">\n\t              \t        \t\n\t            \t    \t\t\t    \t\t\t<span class=\"rh_button_wrapper\">\n\t\t            \t<a href=\"https:\/\/www.black-friday.ch\/fr\/\/out\/5170-samsung-galaxy-s24-plus-256gb-versch-farben-2\/\" class=\"btn_offer_block re_track_btn\" target=\"_blank\" rel=\"nofollow sponsored\">\n\t\t\t            \t\t\t            \tVoir l&#8217;offre\t\t\t            \t\t\t            \t\t            <\/a>\n\t\t        \t<\/span>\n\t            \t\n\t\t    \t\t\t\t\t\t\t\t    \t\t\n\t\t        \t            \t        \n\t        <\/div>\n            \t    \t\t    \t\t\t\n\t<\/div>\n        \n            <\/article>\t\t\t\t\t\t\t\n\n\n\n<article class=\"col_item offer_grid rehub-sec-smooth offer_grid_com mobile_compact_grid mobile_grid \">\n    <div class=\"info_in_dealgrid\">\n                <figure class=\"mb15\">\n                        <a class=\"img-centered-flex rh-flex-center-align rh-flex-justify-center re_track_btn\" href=\"https:\/\/www.black-friday.ch\/fr\/\/out\/5482-apple-iphone-15-128gb\/\"  rel=\"nofollow sponsored\" target=\"_blank\" >\n                                                                            <img decoding=\"async\" src=\"https:\/\/www.black-friday.ch\/wp-content\/themes\/rehub-theme\/images\/default\/noimage_220_150.png\" data-src=\"https:\/\/www.black-friday.ch\/wp-content\/uploads\/2023\/09\/apple-iphone-15-128gb-black-smartphone-114x150.jpg\" alt=\"APPLE iPhone 15 128GB (dif. couleurs)\" data-skip-lazy=\"\" class=\"lazyload \" width=\"114\" height=\"150\">                                                <\/a>\n        <\/figure>\n                <div class=\"grid_desc_and_btn\">\n            <div class=\"grid_row_info flowhidden\">\n                \n                                <div class=\"flowhidden julianh3mod mb10 mt0 fontnormal position-relative \"><a href=\"https:\/\/www.black-friday.ch\/fr\/\/out\/5482-apple-iphone-15-128gb\/\"  rel=\"nofollow sponsored\" target=\"_blank\"  class=\"re_track_btn\">APPLE iPhone 15 128GB (dif. couleurs)<\/a><\/div>\n                \t\t\t\t\t\t\t\t\t\t\t\t\t\t\t\t\n\t\t\t\t\t\t\t\t\t\n\t\t \n\t\t\t\t\t        <div class=\"priced_block clearfix  mb0 fontbold font110\">\n\t              \t        \t\n\t            \t            \t<span class=\"rh_price_wrapper\">\n\t            \t\t<span class=\"price_count\">\n\t            \t\t\t<span class=\"rh_regular_price\">CHF 529,00<\/span>\n\t            \t\t\t\t            \t\t<\/span>\n\t            \t<\/span>\n\t            \t    \t\t\t\n\t\t    \t\t\t\t\t\t\t\t    \t\t\n\t\t        \t            \t        \n\t        <\/div>\n            \t\t\t\n\t                    <span class=\"verifymeta mr5 font80 greencolor\"><i class=\"rhicon rhi-shield-check\"><\/i> Prix mis \u00e0 jour aujourd&#039;hui<\/span> \n                                                                    <div class=\"meta_for_grid\">\n                        <div class=\"cat_store_for_grid fontitalic floatleft\">\n                            \t\t\t\t<span class=\"cat_link_meta\"><a href=\"https:\/\/www.black-friday.ch\/fr\/cat\/produkte-deals-fr\/\" class=\"cat\">Produkte-Deals FR<\/a><\/span>\n\t                        <\/div>\n                                                    <div class=\"date_for_grid floatright\">\n                                <span class=\"date_ago\">\n                                                                                                                <i class=\"rhicon rhi-clock\"><\/i>2 years ago                                                                    <\/span>\n                            <\/div>\n                                            <\/div>\n                                                                <\/div>\n        <\/div>\n    <\/div>\n    \n<div class=\"wp-block-group is-layout-flow\"><\/div>\n            <div class=\"mt10 text-center clearbox\">\t\t\t\t\t\t\t\t\t\t\t\t\t\t\t\t\n\t\t\t\t\t\t\t\t\t\n\t\t \n\t\t\t\t\t        <div class=\"priced_block clearfix  \">\n\t              \t        \t\n\t            \t    \t\t\t    \t\t\t<span class=\"rh_button_wrapper\">\n\t\t            \t<a href=\"https:\/\/www.black-friday.ch\/fr\/\/out\/5482-apple-iphone-15-128gb\/\" class=\"btn_offer_block re_track_btn\" target=\"_blank\" rel=\"nofollow sponsored\">\n\t\t\t            \t\t\t            \tVoir l&#8217;offre\t\t\t            \t\t\t            \t\t            <\/a>\n\t\t        \t<\/span>\n\t            \t\n\t\t    \t\t\t\t\t\t\t\t    \t\t\n\t\t        \t            \t        \n\t        <\/div>\n            \t    \t\t    \t\t\t\n\t<\/div>\n        \n            <\/article>\t\t\t\t\t\t\t\n\n\n\n<article class=\"col_item offer_grid rehub-sec-smooth offer_grid_com mobile_compact_grid mobile_grid \">\n    <div class=\"info_in_dealgrid\">\n                <figure class=\"mb15\">\n                        <a class=\"img-centered-flex rh-flex-center-align rh-flex-justify-center re_track_btn\" href=\"https:\/\/www.black-friday.ch\/fr\/\/out\/18220-samsung-galaxy-s25-plus-256gb-dif-couleurs\/\"  rel=\"nofollow sponsored\" target=\"_blank\" >\n                                                                            <img decoding=\"async\" src=\"https:\/\/www.black-friday.ch\/wp-content\/themes\/rehub-theme\/images\/default\/noimage_220_150.png\" data-src=\"https:\/\/www.black-friday.ch\/wp-content\/uploads\/2025\/10\/720-e280a7-150x150.jpg\" alt=\"SAMSUNG Galaxy S25+ 256GB (dif. couleurs)\" data-skip-lazy=\"\" class=\"lazyload \" width=\"150\" height=\"150\">                                                <\/a>\n        <\/figure>\n                <div class=\"grid_desc_and_btn\">\n            <div class=\"grid_row_info flowhidden\">\n                \n                                <div class=\"flowhidden julianh3mod mb10 mt0 fontnormal position-relative \"><a href=\"https:\/\/www.black-friday.ch\/fr\/\/out\/18220-samsung-galaxy-s25-plus-256gb-dif-couleurs\/\"  rel=\"nofollow sponsored\" target=\"_blank\"  class=\"re_track_btn\">SAMSUNG Galaxy S25+ 256GB (dif. couleurs)<\/a><\/div>\n                \t\t\t\t\t\t\t\t\t\t\t\t\t\t\t\t\n\t\t\t\t\t\t\t\t\t\n\t\t \n\t\t\t\t\t        <div class=\"priced_block clearfix  mb0 fontbold font110\">\n\t              \t        \t\n\t            \t            \t<span class=\"rh_price_wrapper\">\n\t            \t\t<span class=\"price_count\">\n\t            \t\t\t<span class=\"rh_regular_price\">CHF 798,70<\/span>\n\t            \t\t\t\t            \t\t<\/span>\n\t            \t<\/span>\n\t            \t    \t\t\t\n\t\t    \t\t\t\t\t\t\t\t    \t\t\n\t\t        \t            \t        \n\t        <\/div>\n            \t\t\t\n\t                    <span class=\"verifymeta mr5 font80 greencolor\"><i class=\"rhicon rhi-shield-check\"><\/i> Prix mis \u00e0 jour aujourd&#039;hui<\/span> \n                                                                    <div class=\"meta_for_grid\">\n                        <div class=\"cat_store_for_grid fontitalic floatleft\">\n                            \t\t\t\t<span class=\"cat_link_meta\"><a href=\"https:\/\/www.black-friday.ch\/fr\/cat\/produkte-deals-fr\/\" class=\"cat\">Produkte-Deals FR<\/a><\/span>\n\t                        <\/div>\n                                                    <div class=\"date_for_grid floatright\">\n                                <span class=\"date_ago\">\n                                                                                                                <i class=\"rhicon rhi-clock\"><\/i>7 months ago                                                                    <\/span>\n                            <\/div>\n                                            <\/div>\n                                                                <\/div>\n        <\/div>\n    <\/div>\n    \n<div class=\"wp-block-group is-layout-flow\"><\/div>\n            <div class=\"mt10 text-center clearbox\">\t\t\t\t\t\t\t\t\t\t\t\t\t\t\t\t\n\t\t\t\t\t\t\t\t\t\n\t\t \n\t\t\t\t\t        <div class=\"priced_block clearfix  \">\n\t              \t        \t\n\t            \t    \t\t\t    \t\t\t<span class=\"rh_button_wrapper\">\n\t\t            \t<a href=\"https:\/\/www.black-friday.ch\/fr\/\/out\/18220-samsung-galaxy-s25-plus-256gb-dif-couleurs\/\" class=\"btn_offer_block re_track_btn\" target=\"_blank\" rel=\"nofollow sponsored\">\n\t\t\t            \t\t\t            \tVoir l&#8217;offre\t\t\t            \t\t\t            \t\t            <\/a>\n\t\t        \t<\/span>\n\t            \t\n\t\t    \t\t\t\t\t\t\t\t    \t\t\n\t\t        \t            \t        \n\t        <\/div>\n            \t    \t\t    \t\t\t\n\t<\/div>\n        \n            <\/article>\t\t\t\t\t\t\t\n\n\n\n<article class=\"col_item offer_grid rehub-sec-smooth offer_grid_com mobile_compact_grid mobile_grid \">\n    <div class=\"info_in_dealgrid\">\n                <figure class=\"mb15\">\n                        <a class=\"img-centered-flex rh-flex-center-align rh-flex-justify-center re_track_btn\" href=\"https:\/\/www.black-friday.ch\/fr\/\/out\/5176-samsung-galaxy-z-fold6-256gb-versch-farben\/\"  rel=\"nofollow sponsored\" target=\"_blank\" >\n                                                                            <img decoding=\"async\" src=\"https:\/\/www.black-friday.ch\/wp-content\/themes\/rehub-theme\/images\/default\/noimage_220_150.png\" data-src=\"https:\/\/www.black-friday.ch\/wp-content\/uploads\/2023\/08\/samsung-galaxy-z-fold-5-256gb-cream-smartphone-106x150.jpg\" alt=\"SAMSUNG Galaxy Z Fold6 256GB (dif. couleurs)\" data-skip-lazy=\"\" class=\"lazyload \" width=\"106\" height=\"150\">                                                <\/a>\n        <\/figure>\n                <div class=\"grid_desc_and_btn\">\n            <div class=\"grid_row_info flowhidden\">\n                \n                                <div class=\"flowhidden julianh3mod mb10 mt0 fontnormal position-relative \"><a href=\"https:\/\/www.black-friday.ch\/fr\/\/out\/5176-samsung-galaxy-z-fold6-256gb-versch-farben\/\"  rel=\"nofollow sponsored\" target=\"_blank\"  class=\"re_track_btn\">SAMSUNG Galaxy Z Fold6 256GB (dif. couleurs)<\/a><\/div>\n                \t\t\t\t\t\t\t\t\t\t\t\t\t\t\t\t\n\t\t\t\t\t\t\t\t\t\n\t\t \n\t\t\t\t\t        <div class=\"priced_block clearfix  mb0 fontbold font110\">\n\t              \t        \t\n\t            \t            \t<span class=\"rh_price_wrapper\">\n\t            \t\t<span class=\"price_count\">\n\t            \t\t\t<span class=\"rh_regular_price\">CHF 1.597,70<\/span>\n\t            \t\t\t\t            \t\t<\/span>\n\t            \t<\/span>\n\t            \t    \t\t\t\n\t\t    \t\t\t\t\t\t\t\t    \t\t\n\t\t        \t            \t        \n\t        <\/div>\n            \t\t\t\n\t                    <span class=\"verifymeta mr5 font80 greencolor\"><i class=\"rhicon rhi-shield-check\"><\/i> Prix mis \u00e0 jour aujourd&#039;hui<\/span> \n                                                                    <div class=\"meta_for_grid\">\n                        <div class=\"cat_store_for_grid fontitalic floatleft\">\n                            \t\t\t\t<span class=\"cat_link_meta\"><a href=\"https:\/\/www.black-friday.ch\/fr\/cat\/produkte-deals-fr\/\" class=\"cat\">Produkte-Deals FR<\/a><\/span>\n\t                        <\/div>\n                                                    <div class=\"date_for_grid floatright\">\n                                <span class=\"date_ago\">\n                                                                                                                <i class=\"rhicon rhi-clock\"><\/i>2 years ago                                                                    <\/span>\n                            <\/div>\n                                            <\/div>\n                                                                <\/div>\n        <\/div>\n    <\/div>\n    \n<div class=\"wp-block-group is-layout-flow\"><\/div>\n            <div class=\"mt10 text-center clearbox\">\t\t\t\t\t\t\t\t\t\t\t\t\t\t\t\t\n\t\t\t\t\t\t\t\t\t\n\t\t \n\t\t\t\t\t        <div class=\"priced_block clearfix  \">\n\t              \t        \t\n\t            \t    \t\t\t    \t\t\t<span class=\"rh_button_wrapper\">\n\t\t            \t<a href=\"https:\/\/www.black-friday.ch\/fr\/\/out\/5176-samsung-galaxy-z-fold6-256gb-versch-farben\/\" class=\"btn_offer_block re_track_btn\" target=\"_blank\" rel=\"nofollow sponsored\">\n\t\t\t            \t\t\t            \tVoir l&#8217;offre\t\t\t            \t\t\t            \t\t            <\/a>\n\t\t        \t<\/span>\n\t            \t\n\t\t    \t\t\t\t\t\t\t\t    \t\t\n\t\t        \t            \t        \n\t        <\/div>\n            \t    \t\t    \t\t\t\n\t<\/div>\n        \n            <\/article>\t\t\t\r\n\t\t\t\t\t<\/div>\r\n\t\t\r\n\t<div class=\"clearfix\"><\/div>\r\n\r\n\r\n<\/div>\n\n\n\n<p>Samsung est une entreprise sud-cor\u00e9enne. Sa gamme de produits comprend des t\u00e9l\u00e9viseurs, des appareils audio et des appareils m\u00e9nagers tels que des machines \u00e0 laver et des r\u00e9frig\u00e9rateurs. Un autre secteur majeur de l&#8217;entreprise est les appareils Samsung Galaxy, disponibles depuis 2010.<\/p>\n\n\n\n<p>Cela inclut divers mod\u00e8les de smartphones. La gamme va du smartphone d&#8217;entr\u00e9e de gamme \u00e0 moins de 300 francs au t\u00e9l\u00e9phone portable pliable, dont le prix d&#8217;achat se situe dans la fourchette \u00e0 quatre chiffres. Il y a \u00e9galement les tablettes Samsung Galaxy, les montres Samsung Galaxy et les \u00e9couteurs Samsung Galaxy Buds, qui sont des \u00e9couteurs intra-auriculaires. Les diff\u00e9rents appareils Galaxy fonctionnent de mani\u00e8re transparente ensemble.<\/p>\n\n\n\n<h2 class=\"wp-block-heading\" id=\"attraktive-deals-fur-die-samsung-galaxy-gerate-wahrend-der-black-week\"><strong>Offres attractives pour les appareils Samsung Galaxy pendant la Black Week<\/strong><\/h2>\n\n\n\n<p>Les appareils Samsung Galaxy sont tr\u00e8s populaires et sont r\u00e9guli\u00e8rement propos\u00e9s \u00e0 des prix r\u00e9duits. Ceux qui cherchent une bonne affaire devraient peut-\u00eatre attendre jusqu&#8217;au prochain Black Friday. Car ce jour-l\u00e0, des r\u00e9ductions attrayantes sur les smartphones, tablettes, \u00e9couteurs et montres connect\u00e9es pourraient \u00eatre disponibles dans la boutique en ligne Samsung ainsi que dans de nombreux autres magasins.<\/p>\n\n\n\n<p>Dans le pass\u00e9, il y a eu fr\u00e9quemment des offres Black Friday permettant d&#8217;acqu\u00e9rir certains appareils Galaxy \u00e0 prix r\u00e9duit. Par exemple, il \u00e9tait possible d&#8217;obtenir le smartphone Galaxy Z Flip 4 dans la boutique en ligne Samsung \u00e0 un prix r\u00e9duit de 899 francs. L&#8217;offre Black Friday concernait la variante bleue avec une capacit\u00e9 de stockage de 512 gigaoctets.<\/p>\n\n\n\n<p>Mais d&#8217;autres magasins ont \u00e9galement propos\u00e9 les appareils Samsung Galaxy \u00e0 des prix r\u00e9duits pendant la derni\u00e8re Black Week. Chez <a href=\"https:\/\/www.black-friday.ch\/fr\/shops\/amazon-fr\/\">Amazon <\/a>Italie, par exemple, les Samsung Galaxy Buds 2 Pro \u00e9taient r\u00e9duits \u00e0 CHF 129. L&#8217;offre Black Friday \u00e9tait valable pour toutes les couleurs et le prix incluait les frais d&#8217;exp\u00e9dition et de d\u00e9douanement. D&#8217;autres offres pour les appareils Samsung Galaxy pendant la derni\u00e8re Black Week incluaient par exemple :<\/p>\n\n\n\n<ul>\n<li>Smartphone Samsung Galaxy S22 Ultra (256 GB) chez <a href=\"https:\/\/www.black-friday.ch\/fr\/shops\/fust-fr\/\">Fust <\/a>pour CHF 899<\/li>\n\n\n\n<li>Smartphone Samsung Galaxy A53 5G chez <a href=\"https:\/\/www.black-friday.ch\/fr\/shops\/digitec-fr\/\">digitec.ch<\/a> pour CHF 289<\/li>\n\n\n\n<li>Smartphone Samsung Galaxy Z Flip 3 5G (256 GB) en cr\u00e8me chez fnac pour CHF 599<\/li>\n\n\n\n<li>Tablette PC Samsung Galaxy Tab A8 Wi-Fi (32 GB) chez <a href=\"https:\/\/www.black-friday.ch\/fr\/shops\/mediamarkt-fr\/\">MediaMarkt <\/a>pour CHF 159<\/li>\n<\/ul>\n\n\n\n<p>Chez <a href=\"https:\/\/www.black-friday.ch\/fr\/shops\/conrad-fr\/\">CONRAD <\/a>en outre, un rabais de 15% sur presque tous les produits du magasin a \u00e9t\u00e9 propos\u00e9 le Black Friday de l&#8217;ann\u00e9e derni\u00e8re. Seuls les produits d&#8217;Apple et SONOS n&#8217;\u00e9taient pas disponibles \u00e0 prix r\u00e9duit. Gr\u00e2ce \u00e0 ce rabais, il \u00e9tait par exemple possible d&#8217;acheter un smartphone ou une tablette Samsung Galaxy \u00e0 un prix inf\u00e9rieur chez CONRAD.<\/p>\n\n\n\n<h2 class=\"wp-block-heading\" id=\"black-friday-angebote-year-fur-die-samsung-galaxy-gerate-unsere-einschatzung\"><strong>Offres Black Friday 2026 pour les appareils Samsung Galaxy : Notre \u00e9valuation<\/strong><\/h2>\n\n\n\n<p>En 2026, il est tr\u00e8s probable que, comme par le pass\u00e9, diverses r\u00e9ductions soient disponibles pour plusieurs appareils Samsung Galaxy le Black Friday. Nous imaginons qu&#8217;il pourrait y avoir des r\u00e9ductions sur certains mod\u00e8les. Certains magasins pourraient \u00e9galement offrir une r\u00e9duction sur tous les appareils mobiles, montres connect\u00e9es et Galaxy Buds de Samsung disponibles. Ce que le Black Friday 2026 r\u00e9servera aux chasseurs de bonnes affaires et aux fans de Samsung reste \u00e0 voir. Cependant, nous sommes optimistes quant \u00e0 la disponibilit\u00e9 d&#8217;offres attractives pour les appareils Samsung Galaxy, gr\u00e2ce aux exp\u00e9riences pass\u00e9es.<\/p>\n\n\n\n<h2 class=\"wp-block-heading\" id=\"sind-am-cyber-monday-noch-bessere-deals-verfugbar\"><strong>Des meilleures offres sont-elles disponibles le Cyber Monday?<\/strong><\/h2>\n\n\n\n<p>De plus en plus de magasins, surtout dans le secteur de l&#8217;\u00e9lectronique, proposent des r\u00e9ductions le Cyber Monday. Par cons\u00e9quent, de bonnes offres pour les diff\u00e9rents appareils Samsung Galaxy pourraient \u00e9galement \u00eatre disponibles ce jour-l\u00e0. Parfois, les r\u00e9ductions du Cyber Monday sont m\u00eame un peu plus g\u00e9n\u00e9reuses que celles du Black Friday. Par exemple,\n\n chez MediaMarkt le dernier Black Friday, la tablette Samsung Galaxy Tab A8 Wi-Fi (32 GB) en gris \u00e9tait disponible pour 159 francs, alors que le <a href=\"https:\/\/www.black-friday.ch\/fr\/cyber-monday\/\">Cyber Monday<\/a> le m\u00eame mod\u00e8le \u00e9tait propos\u00e9 pour dix francs de moins.<\/p>\n\n\n\n<p>Il pourrait donc \u00eatre avantageux de garder un \u0153il sur les r\u00e9ductions le Cyber Monday 2026. En outre, le <a href=\"https:\/\/www.black-friday.ch\/fr\/singles-day\/\">Singles Day<\/a> 2026 pourrait \u00e9galement offrir des deals attrayants pour les fans des appareils Samsung Galaxy.<\/p>\n","protected":false},"excerpt":{"rendered":"<p>Samsung est une entreprise sud-cor\u00e9enne. Sa gamme de produits comprend des t\u00e9l\u00e9viseurs, des appareils audio et des appareils m\u00e9nagers tels que des machines \u00e0 laver et des r\u00e9frig\u00e9rateurs. Un autre secteur majeur de l&#8217;entreprise est les appareils Samsung Galaxy, disponibles depuis 2010. Cela inclut divers mod\u00e8les de smartphones. La gamme va du smartphone d&#8217;entr\u00e9e de [&hellip;]<\/p>\n","protected":false},"author":1,"featured_media":5132,"parent":0,"menu_order":0,"comment_status":"closed","ping_status":"closed","template":"","meta":{"_gspb_post_css":"","_mi_skip_tracking":false},"yoast_head":"<!-- This site is optimized with the Yoast SEO plugin v20.6 - https:\/\/yoast.com\/wordpress\/plugins\/seo\/ -->\n<title>Samsung Galaxy Black Friday 2026 offres<\/title>\n<meta name=\"description\" content=\"Les meilleures offres et deals pour le Black Friday 2026 sur les appareils Samsung Galaxy. Voici un aper\u00e7u des meilleurs rabais!\" \/>\n<meta name=\"robots\" content=\"index, follow, max-snippet:-1, max-image-preview:large, max-video-preview:-1\" \/>\n<link rel=\"canonical\" href=\"https:\/\/www.black-friday.ch\/fr\/samsung-galaxy-black-friday\/\" \/>\n<meta property=\"og:locale\" content=\"fr_FR\" \/>\n<meta property=\"og:type\" content=\"article\" \/>\n<meta property=\"og:title\" content=\"Samsung Galaxy Black Friday 2026 offres\" \/>\n<meta property=\"og:description\" content=\"Les meilleures offres et deals pour le Black Friday 2026 sur les appareils Samsung Galaxy. Voici un aper\u00e7u des meilleurs rabais!\" \/>\n<meta property=\"og:url\" content=\"https:\/\/www.black-friday.ch\/fr\/samsung-galaxy-black-friday\/\" \/>\n<meta property=\"og:site_name\" content=\"Black-Friday.ch\" \/>\n<meta property=\"article:modified_time\" content=\"2024-02-22T14:21:30+00:00\" \/>\n<meta property=\"og:image\" content=\"https:\/\/www.black-friday.ch\/wp-content\/uploads\/2023\/08\/samsung-galaxy-s23-ultra-256gb-cream-smartphone.jpg\" \/>\n\t<meta property=\"og:image:width\" content=\"705\" \/>\n\t<meta property=\"og:image:height\" content=\"720\" \/>\n\t<meta property=\"og:image:type\" content=\"image\/jpeg\" \/>\n<meta name=\"twitter:card\" content=\"summary_large_image\" \/>\n<meta name=\"twitter:label1\" content=\"Est. reading time\" \/>\n\t<meta name=\"twitter:data1\" content=\"4 minutes\" \/>\n<script type=\"application\/ld+json\" class=\"yoast-schema-graph\">{\"@context\":\"https:\/\/schema.org\",\"@graph\":[{\"@type\":\"WebPage\",\"@id\":\"https:\/\/www.black-friday.ch\/fr\/samsung-galaxy-black-friday\/\",\"url\":\"https:\/\/www.black-friday.ch\/fr\/samsung-galaxy-black-friday\/\",\"name\":\"Samsung Galaxy Black Friday 2026 offres\",\"isPartOf\":{\"@id\":\"https:\/\/www.black-friday.ch\/fr\/#website\"},\"datePublished\":\"2023-09-06T08:40:56+00:00\",\"dateModified\":\"2024-02-22T14:21:30+00:00\",\"description\":\"Les meilleures offres et deals pour le Black Friday 2026 sur les appareils Samsung Galaxy. Voici un aper\u00e7u des meilleurs rabais!\",\"breadcrumb\":{\"@id\":\"https:\/\/www.black-friday.ch\/fr\/samsung-galaxy-black-friday\/#breadcrumb\"},\"inLanguage\":\"fr-CH\",\"potentialAction\":[{\"@type\":\"ReadAction\",\"target\":[\"https:\/\/www.black-friday.ch\/fr\/samsung-galaxy-black-friday\/\"]}]},{\"@type\":\"BreadcrumbList\",\"@id\":\"https:\/\/www.black-friday.ch\/fr\/samsung-galaxy-black-friday\/#breadcrumb\",\"itemListElement\":[{\"@type\":\"ListItem\",\"position\":1,\"name\":\"Startseite\",\"item\":\"https:\/\/www.black-friday.ch\/fr\/\"},{\"@type\":\"ListItem\",\"position\":2,\"name\":\"Samsung Galaxy : les meilleures offres Black Friday\"}]},{\"@type\":\"WebSite\",\"@id\":\"https:\/\/www.black-friday.ch\/fr\/#website\",\"url\":\"https:\/\/www.black-friday.ch\/fr\/\",\"name\":\"Black-Friday.ch\",\"description\":\"Die besten Deals des Jahres\",\"publisher\":{\"@id\":\"https:\/\/www.black-friday.ch\/fr\/#organization\"},\"potentialAction\":[{\"@type\":\"SearchAction\",\"target\":{\"@type\":\"EntryPoint\",\"urlTemplate\":\"https:\/\/www.black-friday.ch\/fr\/?s={search_term_string}\"},\"query-input\":\"required name=search_term_string\"}],\"inLanguage\":\"fr-CH\"},{\"@type\":\"Organization\",\"@id\":\"https:\/\/www.black-friday.ch\/fr\/#organization\",\"name\":\"Black-Friday.ch\",\"alternateName\":\"Black Friday Angebote\",\"url\":\"https:\/\/www.black-friday.ch\/fr\/\",\"logo\":{\"@type\":\"ImageObject\",\"inLanguage\":\"fr-CH\",\"@id\":\"https:\/\/www.black-friday.ch\/fr\/#\/schema\/logo\/image\/\",\"url\":\"https:\/\/www.black-friday.ch\/wp-content\/uploads\/2024\/12\/ausgeschnittenes-Logo.png\",\"contentUrl\":\"https:\/\/www.black-friday.ch\/wp-content\/uploads\/2024\/12\/ausgeschnittenes-Logo.png\",\"width\":600,\"height\":150,\"caption\":\"Black-Friday.ch\"},\"image\":{\"@id\":\"https:\/\/www.black-friday.ch\/fr\/#\/schema\/logo\/image\/\"}}]}<\/script>\n<!-- \/ Yoast SEO plugin. -->","yoast_head_json":{"title":"Samsung Galaxy Black Friday 2026 offres","description":"Les meilleures offres et deals pour le Black Friday 2026 sur les appareils Samsung Galaxy. Voici un aper\u00e7u des meilleurs rabais!","robots":{"index":"index","follow":"follow","max-snippet":"max-snippet:-1","max-image-preview":"max-image-preview:large","max-video-preview":"max-video-preview:-1"},"canonical":"https:\/\/www.black-friday.ch\/fr\/samsung-galaxy-black-friday\/","og_locale":"fr_FR","og_type":"article","og_title":"Samsung Galaxy Black Friday 2026 offres","og_description":"Les meilleures offres et deals pour le Black Friday 2026 sur les appareils Samsung Galaxy. Voici un aper\u00e7u des meilleurs rabais!","og_url":"https:\/\/www.black-friday.ch\/fr\/samsung-galaxy-black-friday\/","og_site_name":"Black-Friday.ch","article_modified_time":"2024-02-22T14:21:30+00:00","og_image":[{"width":705,"height":720,"url":"https:\/\/www.black-friday.ch\/wp-content\/uploads\/2023\/08\/samsung-galaxy-s23-ultra-256gb-cream-smartphone.jpg","type":"image\/jpeg"}],"twitter_card":"summary_large_image","twitter_misc":{"Est. reading time":"4 minutes"},"schema":{"@context":"https:\/\/schema.org","@graph":[{"@type":"WebPage","@id":"https:\/\/www.black-friday.ch\/fr\/samsung-galaxy-black-friday\/","url":"https:\/\/www.black-friday.ch\/fr\/samsung-galaxy-black-friday\/","name":"Samsung Galaxy Black Friday 2026 offres","isPartOf":{"@id":"https:\/\/www.black-friday.ch\/fr\/#website"},"datePublished":"2023-09-06T08:40:56+00:00","dateModified":"2024-02-22T14:21:30+00:00","description":"Les meilleures offres et deals pour le Black Friday 2026 sur les appareils Samsung Galaxy. Voici un aper\u00e7u des meilleurs rabais!","breadcrumb":{"@id":"https:\/\/www.black-friday.ch\/fr\/samsung-galaxy-black-friday\/#breadcrumb"},"inLanguage":"fr-CH","potentialAction":[{"@type":"ReadAction","target":["https:\/\/www.black-friday.ch\/fr\/samsung-galaxy-black-friday\/"]}]},{"@type":"BreadcrumbList","@id":"https:\/\/www.black-friday.ch\/fr\/samsung-galaxy-black-friday\/#breadcrumb","itemListElement":[{"@type":"ListItem","position":1,"name":"Startseite","item":"https:\/\/www.black-friday.ch\/fr\/"},{"@type":"ListItem","position":2,"name":"Samsung Galaxy : les meilleures offres Black Friday"}]},{"@type":"WebSite","@id":"https:\/\/www.black-friday.ch\/fr\/#website","url":"https:\/\/www.black-friday.ch\/fr\/","name":"Black-Friday.ch","description":"Die besten Deals des Jahres","publisher":{"@id":"https:\/\/www.black-friday.ch\/fr\/#organization"},"potentialAction":[{"@type":"SearchAction","target":{"@type":"EntryPoint","urlTemplate":"https:\/\/www.black-friday.ch\/fr\/?s={search_term_string}"},"query-input":"required name=search_term_string"}],"inLanguage":"fr-CH"},{"@type":"Organization","@id":"https:\/\/www.black-friday.ch\/fr\/#organization","name":"Black-Friday.ch","alternateName":"Black Friday Angebote","url":"https:\/\/www.black-friday.ch\/fr\/","logo":{"@type":"ImageObject","inLanguage":"fr-CH","@id":"https:\/\/www.black-friday.ch\/fr\/#\/schema\/logo\/image\/","url":"https:\/\/www.black-friday.ch\/wp-content\/uploads\/2024\/12\/ausgeschnittenes-Logo.png","contentUrl":"https:\/\/www.black-friday.ch\/wp-content\/uploads\/2024\/12\/ausgeschnittenes-Logo.png","width":600,"height":150,"caption":"Black-Friday.ch"},"image":{"@id":"https:\/\/www.black-friday.ch\/fr\/#\/schema\/logo\/image\/"}}]}},"_links":{"self":[{"href":"https:\/\/www.black-friday.ch\/fr\/wp-json\/wp\/v2\/pages\/5684"}],"collection":[{"href":"https:\/\/www.black-friday.ch\/fr\/wp-json\/wp\/v2\/pages"}],"about":[{"href":"https:\/\/www.black-friday.ch\/fr\/wp-json\/wp\/v2\/types\/page"}],"author":[{"embeddable":true,"href":"https:\/\/www.black-friday.ch\/fr\/wp-json\/wp\/v2\/users\/1"}],"replies":[{"embeddable":true,"href":"https:\/\/www.black-friday.ch\/fr\/wp-json\/wp\/v2\/comments?post=5684"}],"version-history":[{"count":1,"href":"https:\/\/www.black-friday.ch\/fr\/wp-json\/wp\/v2\/pages\/5684\/revisions"}],"predecessor-version":[{"id":5686,"href":"https:\/\/www.black-friday.ch\/fr\/wp-json\/wp\/v2\/pages\/5684\/revisions\/5686"}],"wp:featuredmedia":[{"embeddable":true,"href":"https:\/\/www.black-friday.ch\/fr\/wp-json\/wp\/v2\/media\/5132"}],"wp:attachment":[{"href":"https:\/\/www.black-friday.ch\/fr\/wp-json\/wp\/v2\/media?parent=5684"}],"curies":[{"name":"wp","href":"https:\/\/api.w.org\/{rel}","templated":true}]}}